{"id":15,"date":"2023-10-31T14:34:43","date_gmt":"2023-10-31T14:34:43","guid":{"rendered":"https:\/\/www.adhdutredningstockholm.se\/?page_id=15"},"modified":"2026-03-26T08:33:22","modified_gmt":"2026-03-26T08:33:22","slug":"home","status":"publish","type":"page","link":"https:\/\/www.adhdutredningstockholm.se\/","title":{"rendered":"Home"},"content":{"rendered":"\t\t<div data-elementor-type=\"wp-page\" data-elementor-id=\"15\" class=\"elementor elementor-15\" data-elementor-post-type=\"page\">\n\t\t\t\t\t\t<section class=\"elementor-section elementor-top-section elementor-element elementor-element-f74a5f4 elementor-section-height-min-height elementor-section-full_width elementor-section-height-default elementor-section-items-middle\" data-id=\"f74a5f4\" data-element_type=\"section\" data-e-type=\"section\" data-settings=\"{&quot;background_background&quot;:&quot;gradient&quot;,&quot;shape_divider_bottom&quot;:&quot;waves&quot;}\">\n\t\t\t\t\t\t\t<div class=\"elementor-background-overlay\"><\/div>\n\t\t\t\t\t\t<div class=\"elementor-shape elementor-shape-bottom\" aria-hidden=\"true\" data-negative=\"false\">\n\t\t\t<svg xmlns=\"http:\/\/www.w3.org\/2000\/svg\" viewBox=\"0 0 1000 100\" preserveAspectRatio=\"none\">\n\t<path class=\"elementor-shape-fill\" d=\"M421.9,6.5c22.6-2.5,51.5,0.4,75.5,5.3c23.6,4.9,70.9,23.5,100.5,35.7c75.8,32.2,133.7,44.5,192.6,49.7\n\tc23.6,2.1,48.7,3.5,103.4-2.5c54.7-6,106.2-25.6,106.2-25.6V0H0v30.3c0,0,72,32.6,158.4,30.5c39.2-0.7,92.8-6.7,134-22.4\n\tc21.2-8.1,52.2-18.2,79.7-24.2C399.3,7.9,411.6,7.5,421.9,6.5z\"\/>\n<\/svg>\t\t<\/div>\n\t\t\t\t\t<div class=\"elementor-container elementor-column-gap-default\">\n\t\t\t\t\t<div class=\"elementor-column elementor-col-100 elementor-top-column elementor-element elementor-element-79ab4e71\" data-id=\"79ab4e71\" data-element_type=\"column\" data-e-type=\"column\">\n\t\t\t<div class=\"elementor-widget-wrap elementor-element-populated\">\n\t\t\t\t\t\t<div class=\"elementor-element elementor-element-6c7f6ef2 elementor-widget elementor-widget-heading\" data-id=\"6c7f6ef2\" data-element_type=\"widget\" data-e-type=\"widget\" data-widget_type=\"heading.default\">\n\t\t\t\t<div class=\"elementor-widget-container\">\n\t\t\t\t\t<h1 class=\"elementor-heading-title elementor-size-default\">Idun Mimer\n<br>Neuropsykiatrisk mottagning p\u00e5 <br>Kungsholmen i Stockholm\n<\/h1>\t\t\t\t<\/div>\n\t\t\t\t<\/div>\n\t\t\t\t\t<\/div>\n\t\t<\/div>\n\t\t\t\t\t<\/div>\n\t\t<\/section>\n\t\t\t\t<section class=\"elementor-section elementor-top-section elementor-element elementor-element-3578df75 elementor-section-boxed elementor-section-height-default elementor-section-height-default\" data-id=\"3578df75\" data-element_type=\"section\" data-e-type=\"section\">\n\t\t\t\t\t\t<div class=\"elementor-container elementor-column-gap-default\">\n\t\t\t\t\t<div class=\"elementor-column elementor-col-50 elementor-top-column elementor-element elementor-element-7b55e800\" data-id=\"7b55e800\" data-element_type=\"column\" data-e-type=\"column\">\n\t\t\t<div class=\"elementor-widget-wrap elementor-element-populated\">\n\t\t\t\t\t\t<div class=\"elementor-element elementor-element-5b1b6700 elementor-widget elementor-widget-text-editor\" data-id=\"5b1b6700\" data-element_type=\"widget\" data-e-type=\"widget\" data-widget_type=\"text-editor.default\">\n\t\t\t\t<div class=\"elementor-widget-container\">\n\t\t\t\t\t\t\t\t\t<p style=\"text-align: center;\">P\u00e5 <a href=\"https:\/\/idunmimer.se\" target=\"_blank\" rel=\"noopener\">Idun Mimer<\/a> erbjuder vi privatbetalda neuropsykiatriska utredningar av ADHD, ADD och Autism f\u00f6r barn och vuxna.<br \/>Idun Mimer \u00e4r en del av Idun Barnkliniker AB som \u00e4ven driver <a href=\"https:\/\/idunbumm.se\">Idun Bumm<\/a>.<\/p>\t\t\t\t\t\t\t\t<\/div>\n\t\t\t\t<\/div>\n\t\t\t\t<div class=\"elementor-element elementor-element-11b4ea8 elementor-align-center elementor-widget elementor-widget-button\" data-id=\"11b4ea8\" data-element_type=\"widget\" data-e-type=\"widget\" data-widget_type=\"button.default\">\n\t\t\t\t<div class=\"elementor-widget-container\">\n\t\t\t\t\t\t\t\t\t<div class=\"elementor-button-wrapper\">\n\t\t\t\t\t<a class=\"elementor-button elementor-button-link elementor-size-sm\" href=\"https:\/\/idunmimer.se\">\n\t\t\t\t\t\t<span class=\"elementor-button-content-wrapper\">\n\t\t\t\t\t\t\t\t\t<span class=\"elementor-button-text\">Mer om oss<\/span>\n\t\t\t\t\t<\/span>\n\t\t\t\t\t<\/a>\n\t\t\t\t<\/div>\n\t\t\t\t\t\t\t\t<\/div>\n\t\t\t\t<\/div>\n\t\t\t\t\t<\/div>\n\t\t<\/div>\n\t\t\t\t<div class=\"elementor-column elementor-col-50 elementor-top-column elementor-element elementor-element-2c5431d6\" data-id=\"2c5431d6\" data-element_type=\"column\" data-e-type=\"column\">\n\t\t\t<div class=\"elementor-widget-wrap elementor-element-populated\">\n\t\t\t\t\t\t<div class=\"elementor-element elementor-element-434b8d57 e-transform elementor-widget elementor-widget-image\" data-id=\"434b8d57\" data-element_type=\"widget\" data-e-type=\"widget\" data-settings=\"{&quot;_transform_skewX_effect&quot;:{&quot;unit&quot;:&quot;px&quot;,&quot;size&quot;:0,&quot;sizes&quot;:[]},&quot;_transform_skewX_effect_tablet&quot;:{&quot;unit&quot;:&quot;deg&quot;,&quot;size&quot;:&quot;&quot;,&quot;sizes&quot;:[]},&quot;_transform_skewX_effect_mobile&quot;:{&quot;unit&quot;:&quot;deg&quot;,&quot;size&quot;:&quot;&quot;,&quot;sizes&quot;:[]},&quot;_transform_skewY_effect&quot;:{&quot;unit&quot;:&quot;px&quot;,&quot;size&quot;:&quot;&quot;,&quot;sizes&quot;:[]},&quot;_transform_skewY_effect_tablet&quot;:{&quot;unit&quot;:&quot;deg&quot;,&quot;size&quot;:&quot;&quot;,&quot;sizes&quot;:[]},&quot;_transform_skewY_effect_mobile&quot;:{&quot;unit&quot;:&quot;deg&quot;,&quot;size&quot;:&quot;&quot;,&quot;sizes&quot;:[]}}\" data-widget_type=\"image.default\">\n\t\t\t\t<div class=\"elementor-widget-container\">\n\t\t\t\t\t\t\t\t\t\t\t\t\t\t\t<img fetchpriority=\"high\" decoding=\"async\" width=\"1024\" height=\"768\" src=\"https:\/\/www.adhdutredningstockholm.se\/wp-content\/uploads\/2023\/10\/Privatbetald-ADHD-utredning-1024x768.jpeg\" class=\"attachment-large size-large wp-image-36\" alt=\"\" srcset=\"https:\/\/www.adhdutredningstockholm.se\/wp-content\/uploads\/2023\/10\/Privatbetald-ADHD-utredning-1024x768.jpeg 1024w, https:\/\/www.adhdutredningstockholm.se\/wp-content\/uploads\/2023\/10\/Privatbetald-ADHD-utredning-300x225.jpeg 300w, https:\/\/www.adhdutredningstockholm.se\/wp-content\/uploads\/2023\/10\/Privatbetald-ADHD-utredning-768x576.jpeg 768w, https:\/\/www.adhdutredningstockholm.se\/wp-content\/uploads\/2023\/10\/Privatbetald-ADHD-utredning.jpeg 1536w\" sizes=\"(max-width: 1024px) 100vw, 1024px\" \/>\t\t\t\t\t\t\t\t\t\t\t\t\t\t\t<\/div>\n\t\t\t\t<\/div>\n\t\t\t\t\t<\/div>\n\t\t<\/div>\n\t\t\t\t\t<\/div>\n\t\t<\/section>\n\t\t\t\t<section class=\"elementor-section elementor-top-section elementor-element elementor-element-23cc243a elementor-section-boxed elementor-section-height-default elementor-section-height-default\" data-id=\"23cc243a\" data-element_type=\"section\" data-e-type=\"section\" id=\"utredning\" data-settings=\"{&quot;background_background&quot;:&quot;classic&quot;}\">\n\t\t\t\t\t\t\t<div class=\"elementor-background-overlay\"><\/div>\n\t\t\t\t\t\t\t<div class=\"elementor-container elementor-column-gap-default\">\n\t\t\t\t\t<div class=\"elementor-column elementor-col-100 elementor-top-column elementor-element elementor-element-5622fc27\" data-id=\"5622fc27\" data-element_type=\"column\" data-e-type=\"column\">\n\t\t\t<div class=\"elementor-widget-wrap elementor-element-populated\">\n\t\t\t\t\t\t<div class=\"elementor-element elementor-element-f9b326e elementor-widget elementor-widget-heading\" data-id=\"f9b326e\" data-element_type=\"widget\" data-e-type=\"widget\" data-widget_type=\"heading.default\">\n\t\t\t\t<div class=\"elementor-widget-container\">\n\t\t\t\t\t<h2 class=\"elementor-heading-title elementor-size-default\">Utredning<\/h2>\t\t\t\t<\/div>\n\t\t\t\t<\/div>\n\t\t\t\t<div class=\"elementor-element elementor-element-15d5eee6 elementor-widget elementor-widget-text-editor\" data-id=\"15d5eee6\" data-element_type=\"widget\" data-e-type=\"widget\" data-widget_type=\"text-editor.default\">\n\t\t\t\t<div class=\"elementor-widget-container\">\n\t\t\t\t\t\t\t\t\t<p data-start=\"131\" data-end=\"249\">NP-utredningar f\u00f6r b\u00e5de vuxna och barn i privat regi hos Idun Mimer p\u00e5 Kungsholmen i Stockholm.<\/p><p data-start=\"251\" data-end=\"706\">Varje utredning utformas utifr\u00e5n individens specifika behov. N\u00e4r vi har f\u00e5tt in n\u00f6dv\u00e4ndiga dokument samt betalning kan vi vanligtvis erbjuda en start inom tv\u00e5 veckor. Efter avslutad bed\u00f6mning f\u00e5r ni \u00e5terkoppling, r\u00e5dgivning och hj\u00e4lp vidare till relevanta v\u00e5rdinstanser. Hela processen tar ungef\u00e4r fyra veckor och genomf\u00f6rs av v\u00e5rt erfarna team med specialistkompetens. Vi ger st\u00f6d f\u00f6re, under och efter utredningen, oavsett vilket resultat den leder till.<\/p><p data-start=\"708\" data-end=\"854\">Vi arbetar brett och utreder ADHD, autism* samt intellektuella funktionsvariationer. Vi g\u00f6r ocks\u00e5 bed\u00f6mningar av psykisk oh\u00e4lsa och samsjuklighet.<\/p><p data-start=\"856\" data-end=\"1101\">*Om fr\u00e5gest\u00e4llningen visar sig vara mer komplex och sv\u00e5righeterna omfattande kan det kr\u00e4vas ett eller flera extra bes\u00f6k f\u00f6r att genomf\u00f6ra en komplett bed\u00f6mning. I s\u00e5 fall pausas utredningen och vi g\u00e5r igenom uppl\u00e4gget med er innan vi forts\u00e4tter.<\/p><p data-start=\"1103\" data-end=\"1125\">F\u00f6ljande moment ing\u00e5r i en neuropsykiatrisk utredning hos Idun Mimer:<\/p><ul data-editing-info=\"{&quot;applyListStyleFromLevel&quot;:true}\"><li><div class=\"elementToProof\" role=\"presentation\">Intervju med anh\u00f6rig<\/div><\/li><li><div class=\"elementToProof\" role=\"presentation\">Intervju med relevanta andra, f\u00f6r skolungdom med l\u00e4rare och genomg\u00e5ng av pedagogisk kartl\u00e4ggning, f\u00f6r vuxen med arbetsledare, andra viktiga vuxna<\/div><\/li><li><div class=\"elementToProof\" role=\"presentation\">Skattningsformul\u00e4r<\/div><\/li><li><div class=\"elementToProof\" role=\"presentation\">Genomg\u00e5ng av BVC- och skolh\u00e4lsov\u00e5rdsjournal alt sjukv\u00e5rdsjournal<\/div><\/li><li><div class=\"elementToProof\" role=\"presentation\">Psykologbed\u00f6mning inkl intervju med patienten sj\u00e4lv, skattning av psykisk h\u00e4lsa och testning av koncentrationsf\u00f6rm\u00e5ga och arbetsminne, testning av beg\u00e5vning<\/div><\/li><li><div class=\"elementToProof\" role=\"presentation\">Specialistl\u00e4karbed\u00f6mning<\/div><\/li><li><div class=\"elementToProof\" role=\"presentation\">Neuropsykiatrisk utl\u00e5tande med beskrivning av utfall av ovanst\u00e5ende, bed\u00f6mning och rekommendationer<\/div><\/li><li><div class=\"elementToProof\" role=\"presentation\">Remiss till ADHD-center om diagnos st\u00e4lls<\/div><\/li><li><div class=\"elementToProof\" role=\"presentation\">Remisser till andra instanser om vi ser behov (tex logoped, <a id=\"OWA02bf3f57-b5ae-b287-7861-a6133ef59f4c\" class=\"OWAAutoLink\" href=\"https:\/\/www.1177.se\/undersokning-behandling\/behandlingar-vid-psykiska-sjukdomar-och-besvar\/psykoterapi-och-psykologisk-behandling\/\" target=\"_blank\" rel=\"noopener\">vuxenpsykiatrin<\/a>)<\/div><\/li><\/ul><div class=\"elementToProof\">*Vid testning av vuxen g\u00f6rs numer alltid testning av beg\u00e5vningsniv\u00e5 vilket d\u00e5 ing\u00e5r i det nya priset. Anledningen till detta \u00e4r att vuxenpsykiatrin ofta nekar v\u00e5rd till privat utredda vuxna om inte en komplett utredning d\u00e4r beg\u00e5vningstest ing\u00e5r f\u00f6reg\u00e5tt diagnosen.<\/div>\t\t\t\t\t\t\t\t<\/div>\n\t\t\t\t<\/div>\n\t\t\t\t<div class=\"elementor-element elementor-element-69e3d74 elementor-widget-divider--view-line elementor-widget elementor-widget-divider\" data-id=\"69e3d74\" data-element_type=\"widget\" data-e-type=\"widget\" data-widget_type=\"divider.default\">\n\t\t\t\t<div class=\"elementor-widget-container\">\n\t\t\t\t\t\t\t<div class=\"elementor-divider\">\n\t\t\t<span class=\"elementor-divider-separator\">\n\t\t\t\t\t\t<\/span>\n\t\t<\/div>\n\t\t\t\t\t\t<\/div>\n\t\t\t\t<\/div>\n\t\t\t\t<div class=\"elementor-element elementor-element-930da75 elementor-widget elementor-widget-heading\" data-id=\"930da75\" data-element_type=\"widget\" data-e-type=\"widget\" data-widget_type=\"heading.default\">\n\t\t\t\t<div class=\"elementor-widget-container\">\n\t\t\t\t\t<h2 class=\"elementor-heading-title elementor-size-default\">Andra tj\u00e4nster hos Idun Mimer<\/h2>\t\t\t\t<\/div>\n\t\t\t\t<\/div>\n\t\t\t\t<div class=\"elementor-element elementor-element-ec8f73e elementor-widget elementor-widget-text-editor\" data-id=\"ec8f73e\" data-element_type=\"widget\" data-e-type=\"widget\" data-widget_type=\"text-editor.default\">\n\t\t\t\t<div class=\"elementor-widget-container\">\n\t\t\t\t\t\t\t\t\t<p>Hos Idun Mimer kan du \u00e4ven f\u00e5:<\/p><ul><li><a href=\"https:\/\/www.idunmimer.se\/medicinsk-behandling-efter-npf-utredning\/\" target=\"_blank\" rel=\"noopener\">Medicinsk behandling efter NPF-utredning<\/a><\/li><li><a href=\"https:\/\/www.idunmimer.se\/psykologisk-behandling\/\" target=\"_blank\" rel=\"noopener\">Psykologisk behandling<\/a> (vi har l\u00e5ng erfarenhet av att m\u00f6ta barn och ungdomar med ADHD och autism)<\/li><li><a href=\"https:\/\/www.idunmimer.se\/intyg\/\" target=\"_blank\" rel=\"noopener\">L\u00e4karintyg<\/a> vid NPF (exempelvis Pliktverket, studier till polis, Transportstyrelsen etc)<\/li><\/ul>\t\t\t\t\t\t\t\t<\/div>\n\t\t\t\t<\/div>\n\t\t\t\t<div class=\"elementor-element elementor-element-121f671 elementor-widget-divider--view-line elementor-widget elementor-widget-divider\" data-id=\"121f671\" data-element_type=\"widget\" data-e-type=\"widget\" data-widget_type=\"divider.default\">\n\t\t\t\t<div class=\"elementor-widget-container\">\n\t\t\t\t\t\t\t<div class=\"elementor-divider\">\n\t\t\t<span class=\"elementor-divider-separator\">\n\t\t\t\t\t\t<\/span>\n\t\t<\/div>\n\t\t\t\t\t\t<\/div>\n\t\t\t\t<\/div>\n\t\t\t\t\t<\/div>\n\t\t<\/div>\n\t\t\t\t\t<\/div>\n\t\t<\/section>\n\t\t\t\t<section class=\"elementor-section elementor-top-section elementor-element elementor-element-c0b7b83 elementor-section-boxed elementor-section-height-default elementor-section-height-default\" data-id=\"c0b7b83\" data-element_type=\"section\" data-e-type=\"section\" id=\"pris\" data-settings=\"{&quot;background_background&quot;:&quot;classic&quot;}\">\n\t\t\t\t\t\t\t<div class=\"elementor-background-overlay\"><\/div>\n\t\t\t\t\t\t\t<div class=\"elementor-container elementor-column-gap-default\">\n\t\t\t\t\t<div class=\"elementor-column elementor-col-100 elementor-top-column elementor-element elementor-element-6c73072\" data-id=\"6c73072\" data-element_type=\"column\" data-e-type=\"column\">\n\t\t\t<div class=\"elementor-widget-wrap elementor-element-populated\">\n\t\t\t\t\t\t<div class=\"elementor-element elementor-element-f0983fd elementor-widget elementor-widget-toggle\" data-id=\"f0983fd\" data-element_type=\"widget\" data-e-type=\"widget\" data-widget_type=\"toggle.default\">\n\t\t\t\t<div class=\"elementor-widget-container\">\n\t\t\t\t\t\t\t<div class=\"elementor-toggle\">\n\t\t\t\t\t\t\t<div class=\"elementor-toggle-item\">\n\t\t\t\t\t<div id=\"elementor-tab-title-2521\" class=\"elementor-tab-title\" data-tab=\"1\" role=\"button\" aria-controls=\"elementor-tab-content-2521\" aria-expanded=\"false\">\n\t\t\t\t\t\t\t\t\t\t\t\t<span class=\"elementor-toggle-icon elementor-toggle-icon-left\" aria-hidden=\"true\">\n\t\t\t\t\t\t\t\t\t\t\t\t\t\t\t<span class=\"elementor-toggle-icon-closed\"><svg class=\"e-font-icon-svg e-fas-plus\" viewBox=\"0 0 448 512\" xmlns=\"http:\/\/www.w3.org\/2000\/svg\"><path d=\"M416 208H272V64c0-17.67-14.33-32-32-32h-32c-17.67 0-32 14.33-32 32v144H32c-17.67 0-32 14.33-32 32v32c0 17.67 14.33 32 32 32h144v144c0 17.67 14.33 32 32 32h32c17.67 0 32-14.33 32-32V304h144c17.67 0 32-14.33 32-32v-32c0-17.67-14.33-32-32-32z\"><\/path><\/svg><\/span>\n\t\t\t\t\t\t\t\t<span class=\"elementor-toggle-icon-opened\"><svg class=\"elementor-toggle-icon-opened e-font-icon-svg e-fas-minus\" viewBox=\"0 0 448 512\" xmlns=\"http:\/\/www.w3.org\/2000\/svg\"><path d=\"M416 208H32c-17.67 0-32 14.33-32 32v32c0 17.67 14.33 32 32 32h384c17.67 0 32-14.33 32-32v-32c0-17.67-14.33-32-32-32z\"><\/path><\/svg><\/span>\n\t\t\t\t\t\t\t\t\t\t\t\t\t<\/span>\n\t\t\t\t\t\t\t\t\t\t\t\t<a class=\"elementor-toggle-title\" tabindex=\"0\">Varf\u00f6r privatbetald ADHD-utredning och autism-utredning?<\/a>\n\t\t\t\t\t<\/div>\n\n\t\t\t\t\t<div id=\"elementor-tab-content-2521\" class=\"elementor-tab-content elementor-clearfix\" data-tab=\"1\" role=\"region\" aria-labelledby=\"elementor-tab-title-2521\"><div class=\"elementToProof\"><p>Vi ser att s\u00e5v\u00e4l barn och ungdomar som vuxna, som har odiagnosticerade neuropsykiatriska diagnoser ofta m\u00e5r v\u00e4ldigt d\u00e5ligt.<\/p><p>Vi brinner f\u00f6r att alla barn och vuxna ska kunna f\u00e5 hj\u00e4lp i tid. D\u00e4rf\u00f6r erbjuder Idun Mimer privatbetalda utredningar f\u00f6r barn (fr\u00e5n 4 \u00e5r och upp\u00e5t) och vuxna.<\/p><\/div><div class=\"elementToProof\">Vi erbjuder \u00e4ven neuropsykiatriska utredningar f\u00f6r de som vill bli av med en tidigare satt ADHD eller ADD-diagnos. Det h\u00e4r \u00e4r ofta d\u00e5 unga vuxna, barn och ungdomar som m\u00e5r ganska bra. De m\u00e5r s\u00e5 bra att de inte l\u00e4ngre uppfyller kriterierna f\u00f6r en diagnos.<\/div><\/div>\n\t\t\t\t<\/div>\n\t\t\t\t\t\t\t<div class=\"elementor-toggle-item\">\n\t\t\t\t\t<div id=\"elementor-tab-title-2522\" class=\"elementor-tab-title\" data-tab=\"2\" role=\"button\" aria-controls=\"elementor-tab-content-2522\" aria-expanded=\"false\">\n\t\t\t\t\t\t\t\t\t\t\t\t<span class=\"elementor-toggle-icon elementor-toggle-icon-left\" aria-hidden=\"true\">\n\t\t\t\t\t\t\t\t\t\t\t\t\t\t\t<span class=\"elementor-toggle-icon-closed\"><svg class=\"e-font-icon-svg e-fas-plus\" viewBox=\"0 0 448 512\" xmlns=\"http:\/\/www.w3.org\/2000\/svg\"><path d=\"M416 208H272V64c0-17.67-14.33-32-32-32h-32c-17.67 0-32 14.33-32 32v144H32c-17.67 0-32 14.33-32 32v32c0 17.67 14.33 32 32 32h144v144c0 17.67 14.33 32 32 32h32c17.67 0 32-14.33 32-32V304h144c17.67 0 32-14.33 32-32v-32c0-17.67-14.33-32-32-32z\"><\/path><\/svg><\/span>\n\t\t\t\t\t\t\t\t<span class=\"elementor-toggle-icon-opened\"><svg class=\"elementor-toggle-icon-opened e-font-icon-svg e-fas-minus\" viewBox=\"0 0 448 512\" xmlns=\"http:\/\/www.w3.org\/2000\/svg\"><path d=\"M416 208H32c-17.67 0-32 14.33-32 32v32c0 17.67 14.33 32 32 32h384c17.67 0 32-14.33 32-32v-32c0-17.67-14.33-32-32-32z\"><\/path><\/svg><\/span>\n\t\t\t\t\t\t\t\t\t\t\t\t\t<\/span>\n\t\t\t\t\t\t\t\t\t\t\t\t<a class=\"elementor-toggle-title\" tabindex=\"0\">Historik ADHD-utredningar f\u00f6r barn<\/a>\n\t\t\t\t\t<\/div>\n\n\t\t\t\t\t<div id=\"elementor-tab-content-2522\" class=\"elementor-tab-content elementor-clearfix\" data-tab=\"2\" role=\"region\" aria-labelledby=\"elementor-tab-title-2522\"><div class=\"elementToProof\">Sedan mitten av 1990-talet har barn- och ungdomsmedicinska specialistv\u00e5rdsmottagningar (BUMM) i Region Stockholm utrett barn 4\u201317 \u00e5r med koncentrationssv\u00e5righeter. Detta har givit barnl\u00e4karna i Stockholm en gedigen kompetens inom neuropsykiatri b\u00e5de avseende att utreda och behandla koncentrationssv\u00e5righeter.\u00a0<\/div><div class=\"elementToProof\">H\u00e4lso- och sjukv\u00e5rdsf\u00f6rvaltningen har emellertid 2022 tagit ett inriktningsbeslut\u00a0att alla neuropsykiatriska utredningar ska utf\u00f6ras av Barn- och Ungdomspsykiatrin (BUP). \u00d6verflyttning av patienter sker successivt och hittills \u00e4r barn under 14 \u00e5r \u00f6verflyttade fr\u00e5n BUMM till BUP. Barn 14\u201317 \u00e5r utreds fortfarande hos BUMM.<\/div><\/div>\n\t\t\t\t<\/div>\n\t\t\t\t\t\t\t<div class=\"elementor-toggle-item\">\n\t\t\t\t\t<div id=\"elementor-tab-title-2523\" class=\"elementor-tab-title\" data-tab=\"3\" role=\"button\" aria-controls=\"elementor-tab-content-2523\" aria-expanded=\"false\">\n\t\t\t\t\t\t\t\t\t\t\t\t<span class=\"elementor-toggle-icon elementor-toggle-icon-left\" aria-hidden=\"true\">\n\t\t\t\t\t\t\t\t\t\t\t\t\t\t\t<span class=\"elementor-toggle-icon-closed\"><svg class=\"e-font-icon-svg e-fas-plus\" viewBox=\"0 0 448 512\" xmlns=\"http:\/\/www.w3.org\/2000\/svg\"><path d=\"M416 208H272V64c0-17.67-14.33-32-32-32h-32c-17.67 0-32 14.33-32 32v144H32c-17.67 0-32 14.33-32 32v32c0 17.67 14.33 32 32 32h144v144c0 17.67 14.33 32 32 32h32c17.67 0 32-14.33 32-32V304h144c17.67 0 32-14.33 32-32v-32c0-17.67-14.33-32-32-32z\"><\/path><\/svg><\/span>\n\t\t\t\t\t\t\t\t<span class=\"elementor-toggle-icon-opened\"><svg class=\"elementor-toggle-icon-opened e-font-icon-svg e-fas-minus\" viewBox=\"0 0 448 512\" xmlns=\"http:\/\/www.w3.org\/2000\/svg\"><path d=\"M416 208H32c-17.67 0-32 14.33-32 32v32c0 17.67 14.33 32 32 32h384c17.67 0 32-14.33 32-32v-32c0-17.67-14.33-32-32-32z\"><\/path><\/svg><\/span>\n\t\t\t\t\t\t\t\t\t\t\t\t\t<\/span>\n\t\t\t\t\t\t\t\t\t\t\t\t<a class=\"elementor-toggle-title\" tabindex=\"0\">ADHD-utredning som F\u00f6retagsh\u00e4lsov\u00e5rd<\/a>\n\t\t\t\t\t<\/div>\n\n\t\t\t\t\t<div id=\"elementor-tab-content-2523\" class=\"elementor-tab-content elementor-clearfix\" data-tab=\"3\" role=\"region\" aria-labelledby=\"elementor-tab-title-2523\"><p>Visste du att du som har f\u00f6retag kan f\u00e5 NPF-utredningen betald av ditt f\u00f6retag som f\u00f6retagsh\u00e4lsov\u00e5rd? Det \u00e4r faktiskt m\u00f6jligt d\u00e5 ADHD-utredning ing\u00e5r i ett undantag enligt Skatteverkets r\u00e4ttsliga v\u00e4gledning. NPF-utredningarna r\u00e4knas som sjukv\u00e5rd och \u00e4r d\u00e4rmed momsfria.<\/p><p>I f\u00f6retaget som mottar fakturan beh\u00f6ver dock f\u00f6retaget ta st\u00e4llning till om f\u00f6retaget ska f\u00f6rm\u00e5nsbeskatta den anst\u00e4llde eller inte. Det beror p\u00e5 om det kan anses vara en f\u00f6rebyggande \u00e5tg\u00e4rd f\u00f6r att se till att den anst\u00e4llde kan forts\u00e4tta arbeta. Den som funderar \u00f6ver f\u00f6rm\u00e5nsbeskattning av NPF-utredning som f\u00f6retagsh\u00e4lsov\u00e5rd rekommenderas titta p\u00e5 information som Skatteverket skrivit om detta via l\u00e4nken h\u00e4r:<\/p><p><a id=\"OWA6be3f569-1f6d-261e-be58-d1b6cb9b7f74\" class=\"OWAAutoLink\" href=\"https:\/\/www4.skatteverket.se\/rattsligvagledning\/372021.html?date=2018-10-30\" target=\"_blank\" rel=\"noopener noreferrer\" data-auth=\"VerificationFailed\" data-linkindex=\"0\">https:\/\/www4.skatteverket.se\/rattsligvagledning\/372021.html?date=2018-10-30<\/a><\/p><p>Det kan \u00e4ven vara bra att st\u00e4mma av det med Skatteverket ifall man \u00e4r os\u00e4ker p\u00e5 hur man ska g\u00f6ra.<\/p><\/div>\n\t\t\t\t<\/div>\n\t\t\t\t\t\t\t\t<\/div>\n\t\t\t\t\t\t<\/div>\n\t\t\t\t<\/div>\n\t\t\t\t<div class=\"elementor-element elementor-element-a21142d elementor-widget-divider--view-line elementor-widget elementor-widget-divider\" data-id=\"a21142d\" data-element_type=\"widget\" data-e-type=\"widget\" data-widget_type=\"divider.default\">\n\t\t\t\t<div class=\"elementor-widget-container\">\n\t\t\t\t\t\t\t<div class=\"elementor-divider\">\n\t\t\t<span class=\"elementor-divider-separator\">\n\t\t\t\t\t\t<\/span>\n\t\t<\/div>\n\t\t\t\t\t\t<\/div>\n\t\t\t\t<\/div>\n\t\t\t\t<div class=\"elementor-element elementor-element-78de9b1 elementor-widget elementor-widget-heading\" data-id=\"78de9b1\" data-element_type=\"widget\" data-e-type=\"widget\" data-widget_type=\"heading.default\">\n\t\t\t\t<div class=\"elementor-widget-container\">\n\t\t\t\t\t<h2 class=\"elementor-heading-title elementor-size-default\">Vad kostar en privatfinansierad \n<br>ADHD-utredning och Autismutredning? Komplett prislista.<\/h2>\t\t\t\t<\/div>\n\t\t\t\t<\/div>\n\t\t\t\t<div class=\"elementor-element elementor-element-61449ed elementor-widget elementor-widget-price-list\" data-id=\"61449ed\" data-element_type=\"widget\" data-e-type=\"widget\" data-widget_type=\"price-list.default\">\n\t\t\t\t<div class=\"elementor-widget-container\">\n\t\t\t\t\t\n\t\t<ul class=\"elementor-price-list\">\n\n\t\t\t\t\t\t\t\t\t<li><a class=\"elementor-price-list-item\" href=\"#\">\t\t\t\t\n\t\t\t\t<div class=\"elementor-price-list-text\">\n\t\t\t\t\t\t\t\t\t<div class=\"elementor-price-list-header\">\n\t\t\t\t\t\t\t\t\t\t\t<span class=\"elementor-price-list-title\">\n\t\t\t\t\t\t\tADHD-utredning\t\t\t\t\t\t<\/span>\n\t\t\t\t\t\t\t\t\t\t\t\t\t\t\t\t\t\t<span class=\"elementor-price-list-separator\"><\/span>\n\t\t\t\t\t\t\t\t\t\t\t\t\t\t\t\t\t\t\t<span class=\"elementor-price-list-price\">Vuxen 29 700kr <br>Barn & Ungdom 33 000kr*<\/span>\n\t\t\t\t\t\t\t\t\t\t<\/div>\n\t\t\t\t\t\t\t\t\t\t\t\t<\/div>\n\t\t\t\t<\/a><\/li>\t\t\t\t\t\t\t\t\t\t\t\t<li><a class=\"elementor-price-list-item\" href=\"#\">\t\t\t\t\n\t\t\t\t<div class=\"elementor-price-list-text\">\n\t\t\t\t\t\t\t\t\t<div class=\"elementor-price-list-header\">\n\t\t\t\t\t\t\t\t\t\t\t<span class=\"elementor-price-list-title\">\n\t\t\t\t\t\t\tAutismutredning\t\t\t\t\t\t<\/span>\n\t\t\t\t\t\t\t\t\t\t\t\t\t\t\t\t\t\t<span class=\"elementor-price-list-separator\"><\/span>\n\t\t\t\t\t\t\t\t\t\t\t\t\t\t\t\t\t\t\t<span class=\"elementor-price-list-price\">Vuxen 29 700kr<br>Barn & Ungdom 33 000kr*<\/span>\n\t\t\t\t\t\t\t\t\t\t<\/div>\n\t\t\t\t\t\t\t\t\t\t\t\t<\/div>\n\t\t\t\t<\/a><\/li>\t\t\t\t\t\t\t\t\t\t\t\t<li><a class=\"elementor-price-list-item\" href=\"#\">\t\t\t\t\n\t\t\t\t<div class=\"elementor-price-list-text\">\n\t\t\t\t\t\t\t\t\t<div class=\"elementor-price-list-header\">\n\t\t\t\t\t\t\t\t\t\t\t<span class=\"elementor-price-list-title\">\n\t\t\t\t\t\t\tExtra psykologbes\u00f6k\t\t\t\t\t\t<\/span>\n\t\t\t\t\t\t\t\t\t\t\t\t\t\t\t\t\t\t<span class=\"elementor-price-list-separator\"><\/span>\n\t\t\t\t\t\t\t\t\t\t\t\t\t\t\t\t\t\t\t<span class=\"elementor-price-list-price\">1 500kr<\/span>\n\t\t\t\t\t\t\t\t\t\t<\/div>\n\t\t\t\t\t\t\t\t\t\t\t\t<\/div>\n\t\t\t\t<\/a><\/li>\t\t\t\t\t\t\t\t\t\t\t\t<li><a class=\"elementor-price-list-item\" href=\"#\">\t\t\t\t\n\t\t\t\t<div class=\"elementor-price-list-text\">\n\t\t\t\t\t\t\t\t\t<div class=\"elementor-price-list-header\">\n\t\t\t\t\t\t\t\t\t\t\t<span class=\"elementor-price-list-title\">\n\t\t\t\t\t\t\tMissat bes\u00f6k (utebliven eller sen avbokning mindre \u00e4n 24h)\t\t\t\t\t\t<\/span>\n\t\t\t\t\t\t\t\t\t\t\t\t\t\t\t\t\t\t<span class=\"elementor-price-list-separator\"><\/span>\n\t\t\t\t\t\t\t\t\t\t\t\t\t\t\t\t\t\t\t<span class=\"elementor-price-list-price\">1 500kr<\/span>\n\t\t\t\t\t\t\t\t\t\t<\/div>\n\t\t\t\t\t\t\t\t\t\t\t\t<\/div>\n\t\t\t\t<\/a><\/li>\t\t\t\t\t\t\t\t\t\t\t\t<li><a class=\"elementor-price-list-item\" href=\"#\">\t\t\t\t\n\t\t\t\t<div class=\"elementor-price-list-text\">\n\t\t\t\t\t\t\t\t\t<div class=\"elementor-price-list-header\">\n\t\t\t\t\t\t\t\t\t\t\t<span class=\"elementor-price-list-title\">\n\t\t\t\t\t\t\tTelefonsamtal p\u00e5 f\u00f6r\u00e4lders\/patientens initiativ\t\t\t\t\t\t<\/span>\n\t\t\t\t\t\t\t\t\t\t\t\t\t\t\t\t\t\t<span class=\"elementor-price-list-separator\"><\/span>\n\t\t\t\t\t\t\t\t\t\t\t\t\t\t\t\t\t\t\t<span class=\"elementor-price-list-price\">700kr<\/span>\n\t\t\t\t\t\t\t\t\t\t<\/div>\n\t\t\t\t\t\t\t\t\t\t\t\t\t\t\t<p class=\"elementor-price-list-description\">\n\t\t\t\t\t\t\tR\u00e5dgivning\/avst\u00e4mning max 15 min\t\t\t\t\t\t<\/p>\n\t\t\t\t\t\t\t\t<\/div>\n\t\t\t\t<\/a><\/li>\t\t\t\t\t\t\t\t\t\t\t\t<li><a class=\"elementor-price-list-item\" href=\"#\">\t\t\t\t\n\t\t\t\t<div class=\"elementor-price-list-text\">\n\t\t\t\t\t\t\t\t\t\t\t\t\t\t\t<p class=\"elementor-price-list-description\">\n\t\t\t\t\t\t\t<i>*F\u00f6r att g\u00f6ra en Neuropsykiatrisk utredning som vuxen p\u00e5 Idun Mimer beh\u00f6vs ocks\u00e5 att vi s\u00e4kerst\u00e4ller att missbruk inte f\u00f6rekommit, varf\u00f6r ett negativt drogscreeningtest kan komma att beh\u00f6va l\u00e4mnas.<br><br>*Privatbetalda NP-utredningar hos Idun Mimer \u00e4r momsfria och priserna ovan \u00e4r d\u00e4rf\u00f6r de priser som g\u00e4ller.<\/i>\t\t\t\t\t\t<\/p>\n\t\t\t\t\t\t\t\t<\/div>\n\t\t\t\t<\/a><\/li>\t\t\t\t\t\n\t\t<\/ul>\n\n\t\t\t\t\t\t<\/div>\n\t\t\t\t<\/div>\n\t\t\t\t\t<\/div>\n\t\t<\/div>\n\t\t\t\t\t<\/div>\n\t\t<\/section>\n\t\t\t\t<section class=\"elementor-section elementor-top-section elementor-element elementor-element-58e1b78f elementor-section-boxed elementor-section-height-default elementor-section-height-default\" data-id=\"58e1b78f\" data-element_type=\"section\" data-e-type=\"section\" data-settings=\"{&quot;background_background&quot;:&quot;classic&quot;}\">\n\t\t\t\t\t\t<div class=\"elementor-container elementor-column-gap-default\">\n\t\t\t\t\t<div class=\"elementor-column elementor-col-100 elementor-top-column elementor-element elementor-element-68cd3ed3\" data-id=\"68cd3ed3\" data-element_type=\"column\" data-e-type=\"column\" data-settings=\"{&quot;background_background&quot;:&quot;classic&quot;}\">\n\t\t\t<div class=\"elementor-widget-wrap elementor-element-populated\">\n\t\t\t\t\t\t<div class=\"elementor-element elementor-element-877e74e elementor-widget elementor-widget-heading\" data-id=\"877e74e\" data-element_type=\"widget\" data-e-type=\"widget\" data-widget_type=\"heading.default\">\n\t\t\t\t<div class=\"elementor-widget-container\">\n\t\t\t\t\t<h2 class=\"elementor-heading-title elementor-size-default\">Vad kan man f\u00f6rv\u00e4nta sig av en privatfinansierad utredning p\u00e5 Idun Mimer:<\/h2>\t\t\t\t<\/div>\n\t\t\t\t<\/div>\n\t\t\t\t<div class=\"elementor-element elementor-element-1fe10e8d elementor-widget elementor-widget-text-editor\" data-id=\"1fe10e8d\" data-element_type=\"widget\" data-e-type=\"widget\" data-widget_type=\"text-editor.default\">\n\t\t\t\t<div class=\"elementor-widget-container\">\n\t\t\t\t\t\t\t\t\t<ul class=\"ul1\"><li class=\"li1\">Korta v\u00e4ntetider<\/li><li class=\"li1\">Trygg milj\u00f6 f\u00f6r s\u00e5v\u00e4l barn och familj som vuxna<\/li><li class=\"li1\">Medarbetare med l\u00e5ng erfarenhet inom svensk sjukv\u00e5rd<\/li><li class=\"li1\">Diagnoss\u00e4ttning f\u00f6r barn fr\u00e5n 4 \u00e5r samt vuxna<\/li><li class=\"li1\">Vid behov ta bort tidigare ADHD-diagnos (barn och vuxna)<\/li><li class=\"li1\">Ett helhetst\u00e4nk. Vi tar\u00a0 \u00e4ven hand om andra medicinska aspekter som Underbehandlad astma, Allergi, Eksem, S\u00f6mnst\u00f6rning, \u00c5ngest, Social fobi, Selektiv \u00e4tst\u00f6rning, N\u00e4ringsbrist, Huvudv\u00e4rk, och\u00a0 Magv\u00e4rk.<\/li><li class=\"li1\">Breda utredningar d\u00e4r alla neuropsykiatriska diagnoser och andra f\u00f6rsv\u00e5rande diagnoser penetreras (ADHD, ADD, hyperaktivitet, autism, Asperger). Vi tittar \u00e4ven p\u00e5 intellektuell funktionsniv\u00e5 och vi tar \u00e4ven h\u00e4nsyn till exempelvis spr\u00e5kst\u00f6rning, dyslexi eller dyskalkyli, social fobi m.m.)<\/li><li class=\"li1\">Vi hj\u00e4lper till med intyg och st\u00f6ttning efter\u00e5t<\/li><\/ul>\t\t\t\t\t\t\t\t<\/div>\n\t\t\t\t<\/div>\n\t\t\t\t\t<\/div>\n\t\t<\/div>\n\t\t\t\t\t<\/div>\n\t\t<\/section>\n\t\t\t\t<section class=\"elementor-section elementor-top-section elementor-element elementor-element-48da970d elementor-section-boxed elementor-section-height-default elementor-section-height-default\" data-id=\"48da970d\" data-element_type=\"section\" data-e-type=\"section\" id=\"kontakt\">\n\t\t\t\t\t\t\t<div class=\"elementor-background-overlay\"><\/div>\n\t\t\t\t\t\t\t<div class=\"elementor-container elementor-column-gap-default\">\n\t\t\t\t\t<div class=\"elementor-column elementor-col-100 elementor-top-column elementor-element elementor-element-18d17e90\" data-id=\"18d17e90\" data-element_type=\"column\" data-e-type=\"column\">\n\t\t\t<div class=\"elementor-widget-wrap elementor-element-populated\">\n\t\t\t\t\t\t<div class=\"elementor-element elementor-element-58c5fa47 elementor-widget elementor-widget-heading\" data-id=\"58c5fa47\" data-element_type=\"widget\" data-e-type=\"widget\" data-widget_type=\"heading.default\">\n\t\t\t\t<div class=\"elementor-widget-container\">\n\t\t\t\t\t<h2 class=\"elementor-heading-title elementor-size-default\">Kontakta Oss<\/h2>\t\t\t\t<\/div>\n\t\t\t\t<\/div>\n\t\t\t\t<div class=\"elementor-element elementor-element-b28afe0 elementor-widget elementor-widget-text-editor\" data-id=\"b28afe0\" data-element_type=\"widget\" data-e-type=\"widget\" data-widget_type=\"text-editor.default\">\n\t\t\t\t<div class=\"elementor-widget-container\">\n\t\t\t\t\t\t\t\t\t<p><a href=\"mailto:npf@idunbarnklinik.se\"><i>Maila oss f\u00f6r en f\u00f6rsta kontakt.<\/i><\/a> T\u00e4nk p\u00e5 att inte inkludera k\u00e4nsliga personuppgifter s\u00e5som personnummer i ditt meddelande.<\/p>\t\t\t\t\t\t\t\t<\/div>\n\t\t\t\t<\/div>\n\t\t\t\t<div class=\"elementor-element elementor-element-536e0bb9 elementor-widget elementor-widget-heading\" data-id=\"536e0bb9\" data-element_type=\"widget\" data-e-type=\"widget\" data-widget_type=\"heading.default\">\n\t\t\t\t<div class=\"elementor-widget-container\">\n\t\t\t\t\t<h2 class=\"elementor-heading-title elementor-size-default\">Mer om ADHD, ADD, Autism och psykisk oh\u00e4lsa hos barn och unga\n\n<\/h2>\t\t\t\t<\/div>\n\t\t\t\t<\/div>\n\t\t\t\t<div class=\"elementor-element elementor-element-4bb5d9be elementor-widget elementor-widget-text-editor\" data-id=\"4bb5d9be\" data-element_type=\"widget\" data-e-type=\"widget\" data-widget_type=\"text-editor.default\">\n\t\t\t\t<div class=\"elementor-widget-container\">\n\t\t\t\t\t\t\t\t\t<p class=\"p1\">F\u00f6r mer information l\u00e4s g\u00e4rna v\u00e5ra blogginl\u00e4gg p\u00e5 <a href=\"https:\/\/idunbumm.se\">Idun Bumm<\/a>:<\/p><ul><li><a href=\"https:\/\/idunbumm.se\/adhd-add\/\">ADHD &amp; ADD<\/a><\/li><li><a href=\"https:\/\/idunbumm.se\/add-hos-barn\/\">ADD hos barn\u00a0<\/a><\/li><li><a href=\"https:\/\/idunbumm.se\/autism\/\">Autism<\/a><\/li><li><a href=\"https:\/\/idunbumm.se\/depression-hos-barn-och-ungdomar\/\">Depression hos barn och ungdomar<\/a><\/li><li><a href=\"https:\/\/idunbumm.se\/viktiga-telefonnummer-nar-barn-och-ungdomar-behover-hjalp-och-stod\/\">Viktiga telefonnummer n\u00e4r barn och ungdomar beh\u00f6ver hj\u00e4lp och st\u00f6d<\/a><\/li><\/ul>\t\t\t\t\t\t\t\t<\/div>\n\t\t\t\t<\/div>\n\t\t\t\t\t<\/div>\n\t\t<\/div>\n\t\t\t\t\t<\/div>\n\t\t<\/section>\n\t\t\t\t<section class=\"elementor-section elementor-top-section elementor-element elementor-element-314ee23a elementor-section-boxed elementor-section-height-default elementor-section-height-default\" data-id=\"314ee23a\" data-element_type=\"section\" data-e-type=\"section\" data-settings=\"{&quot;background_background&quot;:&quot;gradient&quot;,&quot;shape_divider_top&quot;:&quot;waves&quot;}\">\n\t\t\t\t\t\t\t<div class=\"elementor-background-overlay\"><\/div>\n\t\t\t\t\t\t<div class=\"elementor-shape elementor-shape-top\" aria-hidden=\"true\" data-negative=\"false\">\n\t\t\t<svg xmlns=\"http:\/\/www.w3.org\/2000\/svg\" viewBox=\"0 0 1000 100\" preserveAspectRatio=\"none\">\n\t<path class=\"elementor-shape-fill\" d=\"M421.9,6.5c22.6-2.5,51.5,0.4,75.5,5.3c23.6,4.9,70.9,23.5,100.5,35.7c75.8,32.2,133.7,44.5,192.6,49.7\n\tc23.6,2.1,48.7,3.5,103.4-2.5c54.7-6,106.2-25.6,106.2-25.6V0H0v30.3c0,0,72,32.6,158.4,30.5c39.2-0.7,92.8-6.7,134-22.4\n\tc21.2-8.1,52.2-18.2,79.7-24.2C399.3,7.9,411.6,7.5,421.9,6.5z\"\/>\n<\/svg>\t\t<\/div>\n\t\t\t\t\t<div class=\"elementor-container elementor-column-gap-default\">\n\t\t\t\t\t<div class=\"elementor-column elementor-col-100 elementor-top-column elementor-element elementor-element-78731c1d\" data-id=\"78731c1d\" data-element_type=\"column\" data-e-type=\"column\">\n\t\t\t<div class=\"elementor-widget-wrap\">\n\t\t\t\t\t\t\t<\/div>\n\t\t<\/div>\n\t\t\t\t\t<\/div>\n\t\t<\/section>\n\t\t\t\t<\/div>\n\t\t","protected":false},"excerpt":{"rendered":"<p>Idun Mimer Neuropsykiatrisk mottagning p\u00e5 Kungsholmen i Stockholm P\u00e5 Idun Mimer erbjuder vi privatbetalda neuropsykiatriska utredningar av ADHD, ADD och Autism f\u00f6r barn och vuxna.Idun Mimer \u00e4r en del av Idun Barnkliniker AB som \u00e4ven driver Idun Bumm. Mer om oss Utredning NP-utredningar f\u00f6r b\u00e5de vuxna och barn i privat regi hos Idun Mimer p\u00e5 [&hellip;]<\/p>\n","protected":false},"author":1,"featured_media":0,"parent":0,"menu_order":0,"comment_status":"closed","ping_status":"closed","template":"elementor_header_footer","meta":{"_monsterinsights_skip_tracking":false,"_monsterinsights_sitenote_active":false,"_monsterinsights_sitenote_note":"","_monsterinsights_sitenote_category":0,"site-sidebar-layout":"no-sidebar","site-content-layout":"plain-container","ast-site-content-layout":"full-width-container","site-content-style":"unboxed","site-sidebar-style":"default","ast-global-header-display":"disabled","ast-banner-title-visibility":"","ast-main-header-display":"","ast-hfb-above-header-display":"","ast-hfb-below-header-display":"","ast-hfb-mobile-header-display":"","site-post-title":"disabled","ast-breadcrumbs-content":"","ast-featured-img":"","footer-sml-layout":"disabled","ast-disable-related-posts":"","theme-transparent-header-meta":"enabled","adv-header-id-meta":"","stick-header-meta":"","header-above-stick-meta":"","header-main-stick-meta":"","header-below-stick-meta":"","astra-migrate-meta-layouts":"","ast-page-background-enabled":"default","ast-page-background-meta":{"desktop":{"background-color":"var(--ast-global-color-4)","background-image":"","background-repeat":"repeat","background-position":"center center","background-size":"auto","background-attachment":"scroll","background-type":"","background-media":"","overlay-type":"","overlay-color":"","overlay-opacity":"","overlay-gradient":""},"tablet":{"background-color":"","background-image":"","background-repeat":"repeat","background-position":"center center","background-size":"auto","background-attachment":"scroll","background-type":"","background-media":"","overlay-type":"","overlay-color":"","overlay-opacity":"","overlay-gradient":""},"mobile":{"background-color":"","background-image":"","background-repeat":"repeat","background-position":"center center","background-size":"auto","background-attachment":"scroll","background-type":"","background-media":"","overlay-type":"","overlay-color":"","overlay-opacity":"","overlay-gradient":""}},"ast-content-background-meta":{"desktop":{"background-color":"var(--ast-global-color-5)","background-image":"","background-repeat":"repeat","background-position":"center center","background-size":"auto","background-attachment":"scroll","background-type":"","background-media":"","overlay-type":"","overlay-color":"","overlay-opacity":"","overlay-gradient":""},"tablet":{"background-color":"var(--ast-global-color-5)","background-image":"","background-repeat":"repeat","background-position":"center center","background-size":"auto","background-attachment":"scroll","background-type":"","background-media":"","overlay-type":"","overlay-color":"","overlay-opacity":"","overlay-gradient":""},"mobile":{"background-color":"var(--ast-global-color-5)","background-image":"","background-repeat":"repeat","background-position":"center center","background-size":"auto","background-attachment":"scroll","background-type":"","background-media":"","overlay-type":"","overlay-color":"","overlay-opacity":"","overlay-gradient":""}},"footnotes":""},"class_list":["post-15","page","type-page","status-publish","hentry"],"aioseo_notices":[],"_links":{"self":[{"href":"https:\/\/www.adhdutredningstockholm.se\/index.php?rest_route=\/wp\/v2\/pages\/15","targetHints":{"allow":["GET"]}}],"collection":[{"href":"https:\/\/www.adhdutredningstockholm.se\/index.php?rest_route=\/wp\/v2\/pages"}],"about":[{"href":"https:\/\/www.adhdutredningstockholm.se\/index.php?rest_route=\/wp\/v2\/types\/page"}],"author":[{"embeddable":true,"href":"https:\/\/www.adhdutredningstockholm.se\/index.php?rest_route=\/wp\/v2\/users\/1"}],"replies":[{"embeddable":true,"href":"https:\/\/www.adhdutredningstockholm.se\/index.php?rest_route=%2Fwp%2Fv2%2Fcomments&post=15"}],"version-history":[{"count":163,"href":"https:\/\/www.adhdutredningstockholm.se\/index.php?rest_route=\/wp\/v2\/pages\/15\/revisions"}],"predecessor-version":[{"id":301,"href":"https:\/\/www.adhdutredningstockholm.se\/index.php?rest_route=\/wp\/v2\/pages\/15\/revisions\/301"}],"wp:attachment":[{"href":"https:\/\/www.adhdutredningstockholm.se\/index.php?rest_route=%2Fwp%2Fv2%2Fmedia&parent=15"}],"curies":[{"name":"wp","href":"https:\/\/api.w.org\/{rel}","templated":true}]}}